{"id":3887,"date":"2025-02-23T18:46:20","date_gmt":"2025-02-23T18:46:20","guid":{"rendered":"https:\/\/www.kvetyzivota.art\/?post_type=product&#038;p=3887"},"modified":"2025-02-25T22:05:04","modified_gmt":"2025-02-25T22:05:04","slug":"e-kniha-chromy-jelen","status":"publish","type":"product","link":"https:\/\/www.kvetyzivota.art\/index.php\/e-kniha-chromy-jelen\/","title":{"rendered":"E-kniha Chrom\u00fd jelen (.PDF)"},"content":{"rendered":"\t\t<div data-elementor-type=\"section\" data-elementor-id=\"3902\" class=\"elementor elementor-3902\" data-elementor-post-type=\"elementor_library\">\n\t\t\t\t\t<section class=\"elementor-section elementor-top-section elementor-element elementor-element-3c2b69d elementor-section-full_width elementor-section-height-default elementor-section-height-default\" data-id=\"3c2b69d\" data-element_type=\"section\">\n\t\t\t\t\t\t<div class=\"elementor-container elementor-column-gap-default\">\n\t\t\t\t\t<div class=\"elementor-column elementor-col-100 elementor-top-column elementor-element elementor-element-70f014e\" data-id=\"70f014e\" data-element_type=\"column\">\n\t\t\t<div class=\"elementor-widget-wrap elementor-element-populated\">\n\t\t\t\t\t\t<div class=\"elementor-element elementor-element-0e23a14 elementor-widget elementor-widget-eael-adv-tabs\" data-id=\"0e23a14\" data-element_type=\"widget\" data-widget_type=\"eael-adv-tabs.default\">\n\t\t\t\t<div class=\"elementor-widget-container\">\n\t\t\t\t\t        <div data-scroll-on-click=\"no\" data-scroll-speed=\"300\" id=\"eael-advance-tabs-0e23a14\" class=\"eael-advance-tabs eael-tabs-horizontal eael-tab-auto-active  active-caret-on\" data-tabid=\"0e23a14\">\n            <div class=\"eael-tabs-nav\">\n                <ul class=\"\" role=\"tablist\">\n                                            <li id=\"o-knize\" class=\" eael-tab-item-trigger eael-tab-nav-item\" aria-selected=\"true\" data-tab=\"1\" role=\"tab\" tabindex=\"0\" aria-controls=\"o-knize-tab\" aria-expanded=\"false\">\n                            \n                            \n                            \n                                                            <h1 class=\"eael-tab-title title-after-icon\" >O KNIZE<\/h1>                                                    <\/li>\n                                            <li id=\"pedmluva\" class=\" eael-tab-item-trigger eael-tab-nav-item\" aria-selected=\"false\" data-tab=\"2\" role=\"tab\" tabindex=\"-1\" aria-controls=\"pedmluva-tab\" aria-expanded=\"false\">\n                            \n                            \n                            \n                                                            <h1 class=\"eael-tab-title title-after-icon\" >P\u0158EDMLUVA<\/h1>                                                    <\/li>\n                                            <li id=\"autor\" class=\" eael-tab-item-trigger eael-tab-nav-item\" aria-selected=\"false\" data-tab=\"3\" role=\"tab\" tabindex=\"-1\" aria-controls=\"autor-tab\" aria-expanded=\"false\">\n                            \n                            \n                            \n                                                            <h1 class=\"eael-tab-title title-after-icon\" >AUTOR<\/h1>                                                    <\/li>\n                                            <li id=\"ilustrtor\" class=\" eael-tab-item-trigger eael-tab-nav-item\" aria-selected=\"false\" data-tab=\"4\" role=\"tab\" tabindex=\"-1\" aria-controls=\"ilustrtor-tab\" aria-expanded=\"false\">\n                            \n                            \n                            \n                                                            <h1 class=\"eael-tab-title title-after-icon\" >ILUSTR\u00c1TOR<\/h1>                                                    <\/li>\n                                            <li id=\"pekladatel\" class=\" eael-tab-item-trigger eael-tab-nav-item\" aria-selected=\"false\" data-tab=\"5\" role=\"tab\" tabindex=\"-1\" aria-controls=\"pekladatel-tab\" aria-expanded=\"false\">\n                            \n                            \n                            \n                                                            <h1 class=\"eael-tab-title title-after-icon\" >P\u0158EKLADATEL<\/h1>                                                    <\/li>\n                                            <li id=\"rozhovor-o-knize\" class=\" eael-tab-item-trigger eael-tab-nav-item\" aria-selected=\"false\" data-tab=\"6\" role=\"tab\" tabindex=\"-1\" aria-controls=\"rozhovor-o-knize-tab\" aria-expanded=\"false\">\n                            \n                            \n                            \n                                                            <h1 class=\"eael-tab-title title-after-icon\" >ROZHOVOR O KNIZE<\/h1>                                                    <\/li>\n                                            <li id=\"recenze\" class=\" eael-tab-item-trigger eael-tab-nav-item\" aria-selected=\"false\" data-tab=\"7\" role=\"tab\" tabindex=\"-1\" aria-controls=\"recenze-tab\" aria-expanded=\"false\">\n                            \n                            \n                            \n                                                            <h1 class=\"eael-tab-title title-after-icon\" >RECENZE<\/h1>                                                    <\/li>\n                                    <\/ul>\n            <\/div>\n            \n            <div class=\"eael-tabs-content\">\n\t\t        \n                    <div id=\"o-knize-tab\" class=\"clearfix eael-tab-content-item \" data-title-link=\"o-knize-tab\">\n\t\t\t\t        <div><p>Slavn\u00e1 kniha, kter\u00e1 vznikla v prvn\u00ed polovin\u011b sedmdes\u00e1t\u00fdch let jako z\u00e1pis vypr\u00e1v\u011bn\u00ed siouxsk\u00e9ho medicinmana Chrom\u00e9ho jelena v\u00a0aktualizovan\u00e9mu p\u0159ekladu Josefa Porsche a dopln\u011bn\u00e1 o ilustrace \u010desk\u00e9ho mal\u00ed\u0159e Ogl\u00e9 Y\u00e1mni Luk\u00e1\u0161e Junka pr\u00e1v\u011b vych\u00e1z\u00ed v\u00a0druh\u00e9m \u010desk\u00e9m vyd\u00e1n\u00ed.\u00a0<\/p><p>St\u00e1le aktu\u00e1ln\u00ed a inspirativn\u00ed vypr\u00e1v\u011bn\u00ed siouxsk\u00e9ho medicinmana a jeho rozhovory s\u00a0p\u0159\u00edtelem Richardem (Richardem Erdoesem, novin\u00e1\u0159em a spoluautorem knihy) je pln\u00e1 p\u0159irozen\u00e9 moudrosti a lidskosti, co\u017e znamen\u00e1, \u017ee se \u010dten\u00e1\u0159 m\u00edsty p\u0159i \u010dten\u00ed zasm\u011bje, \u017easne, dozv\u00ed se zaj\u00edmav\u00e9 v\u011bci o indi\u00e1nsk\u00fdch ob\u0159adech a ritu\u00e1lech, a tak\u00e9 za\u017eije okam\u017eiky vd\u011b\u010dnosti, l\u00edtosti i hn\u011bvu. Spoluautor knihy, novin\u00e1\u0159 a medicinman\u016fv p\u0159\u00edtel Richard Erdoes naslouch\u00e1 a pe\u010dliv\u011b zaznamen\u00e1v\u00e1 vypr\u00e1v\u011bn\u00ed Chrom\u00e9ho jelena o jeho pestr\u00e9m a bou\u0159liv\u00e9m \u017eivot\u011b ve sv\u011bt\u011b b\u00edl\u00fdch, i o tradi\u010dn\u00edch ritu\u00e1lech, pohledu na \u017eivot a na sv\u011bt lakotsk\u00fdch indi\u00e1n\u016f. A je to vypr\u00e1v\u011bn\u00ed opravdu bohat\u00e9 \u2013 Chrom\u00fd jelen pracoval jako \u010dlen kmenov\u00e9 policie v indi\u00e1nsk\u00e9 rezervaci, kradl auta, pa\u0161oval alkohol, \u017eivil\u00a0se malov\u00e1n\u00edm reklam, str\u00e1vil p\u0159es rok ve v\u011bzen\u00ed a vylodil se jako americk\u00fd voj\u00e1k v\u00a0Normandii. Z\u00e1rove\u0148 se stal i bytost\u00ed neoby\u010dejn\u00e9ho duchovn\u00edho zalo\u017een\u00ed a poutav\u011b a srozumiteln\u011b seznamuje \u010dten\u00e1\u0159e s tradi\u010dn\u00edm zp\u016fsobem \u017eivota indi\u00e1n\u016f, s jejich hodnotami,\u00a0\u00a0\u017eivotn\u00ed symbolikou a sou\u010dasn\u011b tento zp\u016fsob inspirativn\u011b konfrontuje s hodnotami na\u0161\u00ed sou\u010dasn\u00e9 civilizace.\u00a0<\/p><p>Kniha je dopln\u011bna unik\u00e1tn\u00edmi dokument\u00e1rn\u00edmi fotografiemi, seznamy doporu\u010den\u00e9 literatury, origin\u00e1ln\u00edm poselstv\u00edm Chrom\u00e9ho jelena a tak\u00e9 stru\u010dn\u00fdm n\u00e1vodem na v\u00fdslovnost\u00ed lakotsk\u00fdch v\u00fdraz\u016f.\u00a0<\/p><\/div><div>\u00a0<\/div><div><strong>.pdf Chrom\u00fd jelen &#8211; ISBN 978-80-908660-6-5<\/strong><\/div><div><strong>.ePub Chrom\u00fd jelen &#8211; ISBN 978-80-908660-5-8<\/strong><\/div>                    <\/div>\n\t\t        \n                    <div id=\"pedmluva-tab\" class=\"clearfix eael-tab-content-item \" data-title-link=\"pedmluva-tab\">\n\t\t\t\t        <p>My Siouxov\u00e9 tr\u00e1v\u00edme spoustu \u010dasu p\u0159em\u00fd\u0161len\u00edm o ka\u017edodenn\u00edch v\u011bcech, kter\u00e9 se n\u00e1m v\u00a0hlav\u011b spojuj\u00ed s\u00a0t\u011bmi duchovn\u00edmi. Ve sv\u011bt\u011b kolem n\u00e1s vid\u00edme mnoho symbol\u016f, co n\u00e1s u\u010d\u00ed smyslu \u017eivota. M\u00e1me r\u010den\u00ed, \u017ee b\u00edl\u00fd mu\u017e vid\u00ed tak m\u00e1lo, \u017ee nutn\u011b mus\u00ed koukat jen jedn\u00edm okem. Vid\u00edme tolik v\u011bc\u00ed, kter\u00fdch si vy b\u00edl\u00ed u\u017e ani nev\u0161imnete. Mohli byste si jich v\u0161imnout, kdybyste cht\u011bli, ale m\u00e1te obvykle p\u0159\u00edli\u0161 pr\u00e1ce. My indi\u00e1ni \u017eijeme ve sv\u011bt\u011b symbol\u016f a obraz\u016f, kde duchovn\u00ed a v\u0161edn\u00ed tvo\u0159\u00ed jednotu. Pro v\u00e1s jsou symboly jen vysloven\u00e1 nebo napsan\u00e1 slova. Pro n\u00e1s jsou sou\u010d\u00e1st\u00ed p\u0159\u00edrody, \u010d\u00e1sti n\u00e1s sam\u00fdch \u2013 zem\u011b, slunce, v\u00edtr, d\u00e9\u0161\u0165, kameny, stromy, zv\u00ed\u0159ata, dokonce i drobn\u00fd hmyz jako mravenci nebo kobylky. Sna\u017e\u00edme se jim porozum\u011bt nikoli hlavou, ale srdcem, a sta\u010d\u00ed jeden nepatrn\u00fd n\u00e1znak a ch\u00e1peme jejich v\u00fdznam. Co v\u00e1m p\u0159ipad\u00e1 jako v\u0161edn\u00ed, jev\u00ed se n\u00e1m jako pozoruhodn\u00e9 svou symbolikou. Je to zaj\u00edmav\u00e9, \u017ee my slovo symbolika dokonce ani ve sv\u00e9 \u0159e\u010di nem\u00e1me, a p\u0159ece v\u00a0n\u00ed v\u011bz\u00edme a\u017e po u\u0161i. Vy to slovo m\u00e1te, ale to je taky v\u0161echno.<\/p>                    <\/div>\n\t\t        \n                    <div id=\"autor-tab\" class=\"clearfix eael-tab-content-item \" data-title-link=\"autor-tab\">\n\t\t\t\t        <p><strong>John Fire Lame Deer<\/strong><\/p><p>(v lakot\u0161tin\u011b T\u021f\u00e1\u021f\u010da Hu\u0161t\u00e9)<\/p><p>1903\u20131976<\/p><p>Lakotsky\u0301 svaty\u0301 mu\u017e a l\u00e9\u010ditel, jeho\u017e vypr\u00e1v\u011bn\u00ed zaznamen\u00e1v\u00e1 kniha Lame Deer, Seeker of Visions. V d\u011btstv\u00ed pro\u0161el intern\u00e1tn\u00ed \u0161kolou ur\u010denou k p\u0159evy\u0301chov\u011b indi\u00e1nsky\u0301ch d\u011bt\u00ed a pozd\u011bji se<\/p><p>v\u011bnoval mnoha povol\u00e1n\u00edm. D\u00edky svy\u0301m zku\u0161enostem, duchovn\u00ed s\u00edle a moudrosti se stal vy\u0301znamnou postavou p\u0159i obnov\u011b a p\u0159ed\u00e1v\u00e1n\u00ed lakotsky\u0301ch tradic a v boji za pr\u00e1va domorody\u0301ch Ameri\u010dan\u016f. Jeho rodina pokra\u010duje v t\u00e9to tradici i nad\u00e1le.<\/p><p><em>\u00a0<\/em><\/p><p><strong>Richard Erdoes<\/strong><\/p><p>1912\u20132008<\/p><p style=\"text-align: left;\">Americky\u0301 um\u011blec, fotograf, ilustr\u00e1tor a autor p\u016fvodem z N\u011bmecka. V roce 1967 jej novin\u00e1\u0159sk\u00e1 pr\u00e1ce zavedla do indi\u00e1nsk\u00e9 rezervace Pine Ridge, kde za\u010dala jeho fascinace indi\u00e1nskou kulturou a pohor\u0161en\u00ed nad podm\u00ednkami, v nich\u017e p\u016fvodn\u00ed obyvatel\u00e9 Ameriky \u017eij\u00ed. \u017divotn\u00ed setk\u00e1n\u00ed s Chromy\u0301m jelenem jej vedlo nejen k vyd\u00e1n\u00ed mnoha knih, ale tak\u00e9 k\u00a0aktivn\u00edmu <em>zapojen\u00ed do hnut\u00ed za pr\u00e1va indi\u00e1n\u016f. Kniha Lame Deer, Seeker<\/em> <em>of Visions vy\u0161la poprv\u00e9 v roce 1972.<\/em><\/p>                    <\/div>\n\t\t        \n                    <div id=\"ilustrtor-tab\" class=\"clearfix eael-tab-content-item \" data-title-link=\"ilustrtor-tab\">\n\t\t\t\t        <p><strong>Luk\u00e1\u0161 Junek \u2013 Ogl\u00e9 Yamn\u00ed<\/strong><\/p><p>*1982, Praha<\/p><p>Mezi lety 2003 \u2013 2010 vystudoval Akademii vy\u0301tvarny\u0301ch um\u011bn\u00ed v Praze u prof. Karla Strettiho. V\u011bnuje se malb\u011b, kresb\u011b, ilustraci a zhotovov\u00e1n\u00ed trojrozm\u011brny\u0301ch artefakt\u016f. Jeho tvorba odr\u00e1\u017e\u00ed<br \/>celo\u017eivotn\u00ed z\u00e1jem a vztah ke kultu\u0159e severoamericky\u0301ch pr\u00e9rijn\u00edch indi\u00e1n\u016f. Konfrontac\u00ed z\u00edskany\u0301ch informac\u00ed s vlastn\u00edm \u017eivotn\u00edm postojem a vn\u00edm\u00e1n\u00edm p\u0159\u00edrody si vytv\u00e1\u0159\u00ed a dopl\u0148uje<br \/>vlastn\u00ed ,,indi\u00e1nsky\u0301\u201c sv\u011bt, ktery\u0301 ztv\u00e1r\u0148uje ve svy\u0301ch d\u00edlech. Artefakty tvo\u0159\u00ed za pou\u017eit\u00ed p\u016fvodn\u00edch materi\u00e1l\u016f a technik, p\u0159i\u010dem\u017e c\u00edlem nen\u00ed zhotovovat kopie, ale p\u0159edm\u011bty odr\u00e1\u017eej\u00edc\u00ed jeho vlastn\u00ed invenci a vy\u0301tvarn\u00e9 c\u00edt\u011bn\u00ed. Sou\u010dasn\u011b v\u0161ak klade d\u016fraz na zachov\u00e1n\u00ed specificky\u0301ch znak\u016f a charakteru pr\u00e9rijn\u00edch kultur prvn\u00ed poloviny 19. stolet\u00ed.<br \/>Luk\u00e1\u0161ovy obrazy jsou symbolick\u00e9, a pr\u00e1v\u011b symbolika odhaluje jejich hlub\u0161\u00ed vy\u0301znamy. Jsou inspirov\u00e1ny p\u0159edev\u0161\u00edm lakotskou mytologi\u00ed, legendami nebo re\u00e1lny\u0301mi p\u0159\u00edb\u011bhy z minulosti.<br \/>V portr\u00e9tech zachycuje kr\u00e1su indi\u00e1nsky\u0301ch tv\u00e1\u0159\u00ed a hloubku jejich pohled\u016f, vyza\u0159uj\u00edc\u00edch opravdovost \u017eivota v drsny\u0301ch podm\u00ednk\u00e1ch \u010dist\u00e9 a divok\u00e9 p\u0159\u00edrody.<br \/>V minuly\u0301ch letech vystavoval v Praze, Strakonic\u00edch, Mari\u00e1nsky\u0301ch l\u00e1zn\u00edch. V roce 2014 uspo\u0159\u00e1dal prvn\u00ed samostatnou vy\u0301stavu v Kutn\u00e9 Ho\u0159e, v roce 2015 v Doma\u017elic\u00edch.<br \/>Mezi roky 2009 a\u017e 2012 ilustroval pro nakladatelstv\u00ed Volvox Globator knihy: Cesty do posv\u00e1tn\u00e9 hory \u2013 \u0161ajensk\u00e9 my\u0301ty a jin\u00e9 p\u0159\u00edb\u011bhy, Roman Tadi\u010d, 2010, My\u0301ty a legendy Yaki\u016f, Ruth Wagner Giddingsov\u00e1, 2011, Legendy a historky americk\u00e9ho z\u00e1padu, Richard Erdoes, 2012.<br \/>Jeho d\u00edla jsou zastoupena v soukromy\u0301ch sb\u00edrk\u00e1ch v \u010cesk\u00e9 republice, Slovensku, N\u011bmecku, Anglii, Spojeny\u0301ch St\u00e1tech a Kanad\u011b.<br \/>\u201eZ knihy Chromy\u0301 Jelen vypr\u00e1v\u00ed sly\u0161\u00edm st\u00e1le intenzivn\u011bji poselstv\u00ed o absurdit\u011b na\u0161eho b\u011blo\u0161sk\u00e9ho, od p\u0159\u00edrody odpojen\u00e9ho, vn\u00edm\u00e1n\u00ed n\u00e1s sam\u00fdch i sv\u011bta kolem n\u00e1s. Kniha m\u011b sm\u011b\u0159uje k intenzivn\u00edmu pochopen\u00ed m\u00e9ho m\u00edsta v celku a t\u00edm i k citliv\u011bj\u0161\u00edmu chov\u00e1n\u00ed k m\u00e9mu okol\u00ed \u2013 zbyte\u010dn\u011b v\u011bci nep\u0159etv\u00e1\u0159et a nenutit v\u0161emu okolo svou v\u016fli. Bez t.to knihy bych ur\u010dit\u011b<br \/>nebyl t\u00edm, k\u00fdm jsem dnes.\u201c<\/p>                    <\/div>\n\t\t        \n                    <div id=\"pekladatel-tab\" class=\"clearfix eael-tab-content-item \" data-title-link=\"pekladatel-tab\">\n\t\t\t\t        <p><strong>Josef Porsch \u2013 Ablak\u00e9la<\/strong><\/p><p>*1976, Praha<\/p><p>Pr\u016fvodce osobn\u00edm a duchovn\u00edm rozvojem, terapeut, mentor, kou\u010d, u\u010ditel, woodcrafter, tat\u00ednek, man\u017eel, a p\u0159edev\u0161\u00edm zv\u00eddavy\u0301 \u010dlov\u011bk. Jako sv\u016fj dar vn\u00edm\u00e1 schopnost otev\u00edrat prostor. Josef vytv\u00e1\u0159\u00ed, vede a spolupod\u00edl\u00ed se na rozvojovy\u0301ch projektech pro mlad\u00e9 lidi a v\u011bnuje se nap\u0159\u00edklad t\u00e9matu odpov\u011bdnosti mlady\u0301ch lid\u00ed za sv\u011bt. Je autorem knihy Ty\u0301p\u00ed jako domov.<\/p><p>\u201eKniha Lame Deer, Seeker of Visions m\u011b prov\u00e1zela b\u011bhem hled\u00e1n\u00ed v dosp\u00edv\u00e1n\u00ed \u2013 setk\u00e1n\u00ed \u00a0s n\u00ed byl osudovy\u0301 okam\u017eik, ktery\u0301 mi zm\u011bnil \u017eivot.\u201c<\/p>                    <\/div>\n\t\t        \n                    <div id=\"rozhovor-o-knize-tab\" class=\"clearfix eael-tab-content-item \" data-title-link=\"rozhovor-o-knize-tab\">\n\t\t\t\t        <p style=\"text-align: center;\"><strong>Rozhovor nyn\u00ed k sta\u017een\u00ed!<\/strong><\/p><p style=\"text-align: center;\"><a href=\"https:\/\/www.kvetyzivota.art\/index.php\/download\/3278\/?tmstv=1704298643\">Rozhovor s Abl\u00e1kelou a Radkem o Chrom\u00e9m jelenovi<\/a><\/p>                    <\/div>\n\t\t        \n                    <div id=\"recenze-tab\" class=\"clearfix eael-tab-content-item \" data-title-link=\"recenze-tab\">\n\t\t\t\t        <div><i>Indi\u00e1nsk\u00e1 moudrost vyjad\u0159uje prastar\u00fd zp\u016fsob \u017eivota, v n\u011bm\u017e je lidsk\u00e1 bytost propojena s \u017eivouc\u00edm sv\u011btem, v n\u011bm\u017e \u017eije a duchovn\u011b zraje a roste. Pro n\u00e1s, kte\u0159\u00ed \u017eijeme v euroamerick\u00e9 z\u00f3n\u011b davov\u00e9ho konzumu, jen\u017e odeb\u00edr\u00e1 a destruuje je\u0161t\u011b i posledn\u00ed zbytky lidstv\u00ed, je tato moudrost p\u0159\u00edrodn\u00edho \u010dlov\u011bka velmi \u00fa\u010dinnou medic\u00ednou na slepotu na\u0161eho kolektivn\u00edho egoismu. M\u011bli bychom j\u00ed naslouchat s otev\u0159en\u00fdm srdcem i mysl\u00ed.\u00a0<\/i><\/div><div><p><b><i>Pj\u00e9r la \u0160\u00e9\u00b4z, klinick\u00fd psycholog, herec, hudebn\u00edk a spisovatel<\/i><\/b><\/p><\/div><p><a href=\"https:\/\/www.databazeknih.cz\/knihy\/chromy-jelen-59528\" target=\"_blank\" rel=\"noopener\">https:\/\/www.databazeknih.cz\/knihy\/chromy-jelen-59528<\/a><\/p>                    <\/div>\n\t\t                    <\/div>\n        <\/div>\n\t\t\t\t<\/div>\n\t\t\t\t<\/div>\n\t\t\t\t\t<\/div>\n\t\t<\/div>\n\t\t\t\t\t<\/div>\n\t\t<\/section>\n\t\t\t\t<\/div>\n\t\t\n","protected":false},"excerpt":{"rendered":"","protected":false},"featured_media":3905,"comment_status":"open","ping_status":"closed","template":"","meta":[],"product_brand":[],"product_cat":[91],"product_tag":[],"class_list":{"0":"post-3887","1":"product","2":"type-product","3":"status-publish","4":"has-post-thumbnail","6":"product_cat-e-knihy","8":"first","9":"instock","10":"downloadable","11":"virtual","12":"purchasable","13":"product-type-simple"},"post_mailing_queue_ids":[],"_links":{"self":[{"href":"https:\/\/www.kvetyzivota.art\/index.php\/wp-json\/wp\/v2\/product\/3887","targetHints":{"allow":["GET"]}}],"collection":[{"href":"https:\/\/www.kvetyzivota.art\/index.php\/wp-json\/wp\/v2\/product"}],"about":[{"href":"https:\/\/www.kvetyzivota.art\/index.php\/wp-json\/wp\/v2\/types\/product"}],"replies":[{"embeddable":true,"href":"https:\/\/www.kvetyzivota.art\/index.php\/wp-json\/wp\/v2\/comments?post=3887"}],"wp:featuredmedia":[{"embeddable":true,"href":"https:\/\/www.kvetyzivota.art\/index.php\/wp-json\/wp\/v2\/media\/3905"}],"wp:attachment":[{"href":"https:\/\/www.kvetyzivota.art\/index.php\/wp-json\/wp\/v2\/media?parent=3887"}],"wp:term":[{"taxonomy":"product_brand","embeddable":true,"href":"https:\/\/www.kvetyzivota.art\/index.php\/wp-json\/wp\/v2\/product_brand?post=3887"},{"taxonomy":"product_cat","embeddable":true,"href":"https:\/\/www.kvetyzivota.art\/index.php\/wp-json\/wp\/v2\/product_cat?post=3887"},{"taxonomy":"product_tag","embeddable":true,"href":"https:\/\/www.kvetyzivota.art\/index.php\/wp-json\/wp\/v2\/product_tag?post=3887"}],"curies":[{"name":"wp","href":"https:\/\/api.w.org\/{rel}","templated":true}]}}