{"id":1946,"date":"2023-03-19T13:29:34","date_gmt":"2023-03-19T13:29:34","guid":{"rendered":"https:\/\/www.kvetyzivota.art\/?post_type=product&#038;p=1946"},"modified":"2023-11-23T14:45:39","modified_gmt":"2023-11-23T14:45:39","slug":"merlin","status":"publish","type":"product","link":"https:\/\/www.kvetyzivota.art\/index.php\/merlin\/","title":{"rendered":"MERLIN, Michel Rio"},"content":{"rendered":"\t\t<div data-elementor-type=\"section\" data-elementor-id=\"2027\" class=\"elementor elementor-2027\" data-elementor-post-type=\"elementor_library\">\n\t\t\t\t\t<section class=\"elementor-section elementor-top-section elementor-element elementor-element-e9d9a24 elementor-section-full_width elementor-section-height-default elementor-section-height-default\" data-id=\"e9d9a24\" data-element_type=\"section\">\n\t\t\t\t\t\t<div class=\"elementor-container elementor-column-gap-default\">\n\t\t\t\t\t<div class=\"elementor-column elementor-col-100 elementor-top-column elementor-element elementor-element-3b3d00e2\" data-id=\"3b3d00e2\" data-element_type=\"column\">\n\t\t\t<div class=\"elementor-widget-wrap elementor-element-populated\">\n\t\t\t\t\t\t<div class=\"elementor-element elementor-element-a894d0d elementor-widget elementor-widget-eael-adv-tabs\" data-id=\"a894d0d\" data-element_type=\"widget\" data-widget_type=\"eael-adv-tabs.default\">\n\t\t\t\t<div class=\"elementor-widget-container\">\n\t\t\t\t\t        <div data-scroll-on-click=\"no\" data-scroll-speed=\"300\" id=\"eael-advance-tabs-a894d0d\" class=\"eael-advance-tabs eael-tabs-horizontal eael-tab-auto-active  active-caret-on\" data-tabid=\"a894d0d\">\n            <div class=\"eael-tabs-nav\">\n                <ul class=\"\" role=\"tablist\">\n                                            <li id=\"o-knize\" class=\" eael-tab-item-trigger eael-tab-nav-item\" aria-selected=\"true\" data-tab=\"1\" role=\"tab\" tabindex=\"0\" aria-controls=\"o-knize-tab\" aria-expanded=\"false\">\n                            \n                            \n                            \n                                                            <h1 class=\"eael-tab-title title-after-icon\" >O KNIZE<\/h1>                                                    <\/li>\n                                            <li id=\"pedmluva\" class=\" eael-tab-item-trigger eael-tab-nav-item\" aria-selected=\"false\" data-tab=\"2\" role=\"tab\" tabindex=\"-1\" aria-controls=\"pedmluva-tab\" aria-expanded=\"false\">\n                            \n                            \n                            \n                                                            <h1 class=\"eael-tab-title title-after-icon\" >P\u0158EDMLUVA<\/h1>                                                    <\/li>\n                                            <li id=\"autor\" class=\" eael-tab-item-trigger eael-tab-nav-item\" aria-selected=\"false\" data-tab=\"3\" role=\"tab\" tabindex=\"-1\" aria-controls=\"autor-tab\" aria-expanded=\"false\">\n                            \n                            \n                            \n                                                            <h1 class=\"eael-tab-title title-after-icon\" >AUTOR<\/h1>                                                    <\/li>\n                                            <li id=\"ilustrtor\" class=\" eael-tab-item-trigger eael-tab-nav-item\" aria-selected=\"false\" data-tab=\"4\" role=\"tab\" tabindex=\"-1\" aria-controls=\"ilustrtor-tab\" aria-expanded=\"false\">\n                            \n                            \n                            \n                                                            <h1 class=\"eael-tab-title title-after-icon\" >ILUSTR\u00c1TOR<\/h1>                                                    <\/li>\n                                            <li id=\"pekladatel\" class=\" eael-tab-item-trigger eael-tab-nav-item\" aria-selected=\"false\" data-tab=\"5\" role=\"tab\" tabindex=\"-1\" aria-controls=\"pekladatel-tab\" aria-expanded=\"false\">\n                            \n                            \n                            \n                                                            <h1 class=\"eael-tab-title title-after-icon\" >P\u0158EKLADATEL<\/h1>                                                    <\/li>\n                                            <li id=\"ukzka\" class=\" eael-tab-item-trigger eael-tab-nav-item\" aria-selected=\"false\" data-tab=\"6\" role=\"tab\" tabindex=\"-1\" aria-controls=\"ukzka-tab\" aria-expanded=\"false\">\n                            \n                            \n                            \n                                                            <h1 class=\"eael-tab-title title-after-icon\" >UK\u00c1ZKA<\/h1>                                                    <\/li>\n                                    <\/ul>\n            <\/div>\n            \n            <div class=\"eael-tabs-content\">\n\t\t        \n                    <div id=\"o-knize-tab\" class=\"clearfix eael-tab-content-item \" data-title-link=\"o-knize-tab\">\n\t\t\t\t        <p>Merlin, je kouzeln\u00fd p\u0159\u00edb\u011bh bez jedin\u00e9ho kouzla.<\/p><p>P\u0159\u00edb\u011bh inspirovan\u00fd legendou o \u010darod\u011bji Merlinovi napsal v roce sametov\u00e9 revoluce francouzsk\u00fd spisovatel Michel Rio.<\/p><p>Ri\u016fv Merlin p\u0159ich\u00e1z\u00ed k\u00a0\u010desk\u00fdm \u010dten\u00e1\u0159\u016fm po dvaceti sedmi letech podruh\u00e9 a\u00a0p\u0159in\u00e1\u0161\u00ed aktualizovan\u00fd p\u016fvodn\u00ed p\u0159eklad od Lucie \u0160avl\u00edkov\u00e9, kter\u00fd sama Lucie po dvaceti sedmi letech zredigovala. D\u00edky jej\u00ed poctiv\u00e9 a citliv\u00e9 pr\u00e1ci Merlin dosp\u011bl a s\u00a0n\u00edm dosp\u011bla i esence jeho p\u0159\u00edb\u011bhu. Ostatn\u011b i \u010de\u0161t\u00ed \u010dten\u00e1\u0159i jsou jin\u00ed ne\u017e v\u00a0roce 1995.<\/p><p>Tv\u00e1\u0159 dosp\u011bl\u00e9ho d\u00edla vytvo\u0159il autentick\u00fdm grafick\u00fdm zpracov\u00e1n\u00ed knihy, typografi\u00ed a vlastn\u00edmi ilustracemi nadan\u00fd osobit\u00fd krkono\u0161sk\u00fd grafik, mal\u00ed\u0159 a ov\u010d\u00e1k Filip Faun Vancl.<\/p><p>Michel Rio origin\u00e1ln\u011b zbavuje medi\u00e1ln\u011b vd\u011b\u010dn\u00e9 a popul\u00e1rn\u00ed merlinovsk\u00e9 t\u00e9ma l\u00edbiv\u00e9ho pozl\u00e1tka kouzel a d\u00e1v\u00e1 Merlinovi svoj\u00ed odv\u00e1\u017enou, m\u00edsty a\u017e provokativn\u00ed autorskou licenc\u00ed uv\u011b\u0159itelnost a hloubku. \u010cten\u00e1\u0159 tak dost\u00e1v\u00e1 mo\u017enost objevit propojen\u00ed b\u011b\u017en\u00e9 ka\u017edodennosti a prad\u00e1vn\u00e9 keltsk\u00e9 historie prost\u0159ednictv\u00edm nad\u010dasov\u00fdch t\u00e9mat, kter\u00fdmi jsou l\u00e1ska a nen\u00e1vist, \u017eivot a smrt, touha po spln\u011bn\u00ed snu, po moci, po pomst\u011b a uv\u011bdom\u011bn\u00ed si pom\u00edjivosti lidsk\u00e9ho sna\u017een\u00ed i \u017eivota.<\/p><p>Ri\u016fv Merlin n\u00e1s vt\u00e1hne do z\u00e1kulis\u00ed \u017eivota mocn\u00fdch, do velk\u00fdch i mal\u00fdch bitev, loveck\u00fdch i milostn\u00fdch dobrodru\u017estv\u00ed a zcela p\u0159irozen\u011b n\u00e1m vykresl\u00ed\u00a0\u00a0 archetypy kr\u00e1le, bojovn\u00edka, kouzeln\u00edka a milovn\u00edka.\u00a0 Merlin v\u00a0Riov\u011b p\u0159\u00edb\u011bhu kouzl\u00ed sv\u00fdmi \u010diny, t\u00edm, jak se rozhoduje, jak \u017eije a jak napl\u0148uje svoji \u017eivotn\u00ed vizi. Inspiruje svoje okol\u00ed i n\u00e1s \u010dten\u00e1\u0159e t\u00edm, jak jde za sv\u00fdm snem a jak se vztahuje k\u00a0jeho uskute\u010d\u0148uj\u00edc\u00edmu se obrazu. Merlin dok\u00e1zal v\u00a0prav\u00fd \u010das odej\u00edt do \u00fastran\u00ed a dok\u00e1zal se i vr\u00e1tit, i kdy\u017e s\u00e1m v\u011bd\u011bl,\u00a0 \u017ee jeho n\u00e1vrat, konec jeho snu nezm\u011bn\u00ed. Vr\u00e1til se proto, proto\u017ee v\u00a0sob\u011b objevil l\u00e1sku ke sv\u00fdm nejbli\u017e\u0161\u00edm i ke sv\u00fdm nep\u0159\u00e1tel\u016fm. Vid\u011bl sv\u016fj sen um\u00edrat, dok\u00e1zal jej i poh\u0159b\u00edt a t\u00edm mu, ani\u017e by to v\u011bd\u011bl, daroval nesmrtelnost. \u00a0<\/p>                    <\/div>\n\t\t        \n                    <div id=\"pedmluva-tab\" class=\"clearfix eael-tab-content-item \" data-title-link=\"pedmluva-tab\">\n\t\t\t\t        <p style=\"font-weight: 400;\">Spisovatel Michel Rio o sv\u00e9m pojet\u00ed Merlinova p\u0159\u00edb\u011bhu \u00a0<\/p><p>\u201eZv\u011bdavosti po\u010destn\u00fdch lid\u00ed a la\u010dnosti u\u010denc\u016f vyd\u00e1v\u00e1m t\u00edmto napospas svou vlastn\u00ed chronologii a geografick\u00e9 um\u00edst\u011bn\u00ed artu\u0161ovsk\u00e9ho cyklu, p\u0159esn\u011bji \u0159e\u010deno cyklu Merlinova. Dovolil jsem si, pro svou vlastn\u00ed pot\u011bchu, pocvi\u010dit se v logice na materi\u00e1lu historick\u00e9m i fiktivn\u00edm, \u010deho\u017e by se, bohud\u00edky, neodv\u00e1\u017eil \u017e\u00e1dn\u00fd odborn\u00edk vzhledem k tomu, jak huben\u00e9 a n\u00e1hodn\u00e9 jsou informace v t\u00e9to oblasti. \u0158ekn\u011bme, \u017ee je to systematick\u00fd p\u0159ehled p\u0159\u00edb\u011bhu, kter\u00fd p\u0159edch\u00e1z\u00ed; tento p\u0159ehled je v\u0161ak stejn\u00e9 povahy jako s\u00e1m p\u0159\u00edb\u011bh, to jest, je zalo\u017een na individu\u00e1ln\u00ed p\u0159edstavivosti. T\u00edm se z\u00a0m\u00e9ho v\u00fdtvoru st\u00e1v\u00e1 zavr\u017een\u00edhodn\u00e1 kr\u00e1de\u017e, zrada, omezen\u00e1 sice v prostoru, ale neomezen\u00e1 v oblasti ducha. Spo\u010d\u00edv\u00e1 v tom, \u017ee jsem se bez sebemen\u0161\u00edho n\u00e1znaku \u00facty zmocnil velk\u00e9 legendy, mo\u017en\u00e1 t\u00e9 nejkr\u00e1sn\u011bj\u0161\u00ed, ale zcela jist\u011b t\u00e9 nejzmaten\u011bj\u0161\u00ed a nejprom\u011bnliv\u011bj\u0161\u00ed, jak\u00e1 kdy na sv\u011bt\u011b vznikla. A u\u010dinil jsem tak ne z\u00a0d\u016fvod\u016f kulturn\u00edch, estetick\u00fdch, v\u00fdchovn\u00fdch, ani z \u017e\u00e1dn\u00e9 jin\u00e9 \u00factyhodn\u00e9 pohnutky, souvisej\u00edc\u00ed s ve\u0159ejn\u00fdm blahem \u010di s oddanost\u00ed na\u0161emu kulturn\u00edmu d\u011bdictv\u00ed, n\u00fdbr\u017e sob\u011b pro radost.\u201c\u00a0<\/p>                    <\/div>\n\t\t        \n                    <div id=\"autor-tab\" class=\"clearfix eael-tab-content-item \" data-title-link=\"autor-tab\">\n\t\t\t\t        <p><strong>Michel Rio<\/strong><\/p><p>*1945, Breta\u0148<\/p><p>Francouzsk\u00fd spisovatel a romanopisec. Narodil se v Bretani, vyr\u016fstal na Madagaskaru a v sou\u010dasnosti \u017eije v Pa\u0159\u00ed\u017ei. Vystudoval s\u00e9miologii a sv\u016fj prvn\u00ed rom\u00e1n vydal v roce 1972. P\u0159esto\u017ee byl kritiky dob\u0159e p\u0159ijat a z\u00edskal n\u011bkolik liter\u00e1rn\u00edch cen, v z\u00e1mo\u0159\u00ed (zejm\u00e9na ve Spojen\u00fdch st\u00e1tech) je st\u00e1le zn\u00e1m\u011bj\u0161\u00ed ne\u017e ve Francii.<\/p><p>Jeho d\u00edla byla p\u0159elo\u017eena do mnoha jazyk\u016f a v\u011bt\u0161inou jsou sp\u00ed\u0161e kr\u00e1tk\u00e1. Opakuj\u00edc\u00ed se t\u00e9mata zahrnuj\u00ed vztah \u010dlov\u011bka k p\u0159\u00edrod\u011b, hanebn\u00e9 prvky sexu, t\u00e9mata z Artu\u0161ovsk\u00e9ho cyklu a sebevra\u017edy. N\u011bkolik jeho knih p\u0159edstavuje spisovatele jm\u00e9nem Jerome Avalon, kter\u00fd zpochyb\u0148uje povahu psan\u00ed jako um\u011bn\u00ed.<\/p><p>Zdroj: <a href=\"https:\/\/en.wikipedia.org\/wiki\/Michel_Rio\" target=\"_blank\" rel=\"noopener\">https:\/\/en.wikipedia.org\/wiki\/Michel_Rio<\/a><\/p>                    <\/div>\n\t\t        \n                    <div id=\"ilustrtor-tab\" class=\"clearfix eael-tab-content-item \" data-title-link=\"ilustrtor-tab\">\n\t\t\t\t        <div class=\"\"><p>Filip Faun Vancl<\/p><p>*1965, Broumov<\/p><\/div><div class=\"\">\u00a0<\/div><div>\u00a0<\/div><div class=\"\"><div class=\"\"><p style=\"font-weight: 400;\">Od d\u011btstv\u00ed kresl\u00ed, maluje v\u011bnuje se grafice. S\u00e1m o sob\u011b \u0159\u00edk\u00e1: \u201eJsem vystudovan\u00fd polygraf a tomu se v\u011bnuju cel\u00fd \u017eivot. Jsem tak\u00e9 ov\u010d\u00e1kem a v\u010dela\u0159em, a to m\u00e1 pro mne \u00fapln\u011b stejn\u00fd\u00a0v\u00fdznam.&#8220;\u00a0<\/p><p style=\"font-weight: 400;\">Filip vystudoval polygrafii a od roku 1991 pracuje jako typograf, ilustr\u00e1tor a n\u00e1vrh\u00e1\u0159 na voln\u00e9 noze. Jak s\u00e1m \u0159\u00edk\u00e1: \u201eNic v\u00edc, nic m\u00ed\u0148.\u201c\u00a0<\/p><p style=\"font-weight: 400;\">\u00a0<\/p><p style=\"font-weight: 400;\">Filip inspiruje sv\u00e9 okol\u00ed t\u00edm, jak \u017eije, a t\u00edm, jak a co tvo\u0159\u00ed. Jeho tich\u00e1, skromn\u00e1 a poctiv\u00e1 pr\u00e1ce plyne v jedine\u010dn\u011b\u00a0nam\u00edchan\u00e9 esenci p\u0159irozenosti a empatie v\u0161ude, kde pr\u00e1v\u011b je \u2013 u mal\u00ed\u0159sk\u00e9ho pl\u00e1tna, monitoru grafika, na poli, v\u00a0sadu i s milovan\u00fdmi ovcemi a v\u010delami.<\/p><p style=\"font-weight: 400;\">Origin\u00e1ly obraz\u016f, kter\u00e9 jsme vyu\u017eili pro ilustrace, vytvo\u0159il Filip barevn\u00fdmi tu\u0161emi a technikou kva\u0161e. \u00a0<\/p><\/div><\/div><div class=\"\">\u00a0<\/div>                    <\/div>\n\t\t        \n                    <div id=\"pekladatel-tab\" class=\"clearfix eael-tab-content-item \" data-title-link=\"pekladatel-tab\">\n\t\t\t\t        <p>Lucie \u0160avl\u00edkov\u00e1<\/p><p>*1970, Praha\u00a0<\/p><p>\u00a0<\/p><p style=\"font-weight: 400;\">U\u017e od z\u00e1kladn\u00ed \u0161koly prov\u00e1zelo Lucii studium jazyk\u016f. Nejprve to byla francouz\u0161tina, pozd\u011bji je\u0161t\u011b angli\u010dtina. Tuto jazykovou kombinaci tak\u00e9 vystudovala na Kated\u0159e p\u0159ekladatelstv\u00ed a tlumo\u010dnictv\u00ed (dnes \u00dastav translatologie) na FF UK.<\/p><p style=\"font-weight: 400;\">Po mate\u0159sk\u00e9 dovolen\u00e9 pracovala Lucie v magaz\u00ednu <em>100 + 1 zahrani\u010dn\u00ed zaj\u00edmavost<\/em> jako z\u00e1stupce \u0161\u00e9fredaktorky a posl\u00e9ze jako redaktorka \u010di \u0161\u00e9fredaktorka d\u011btsk\u00e9 literatury v nakladatelstv\u00ed Albatros, Mlad\u00e1 fronta, Euromedia Group. B\u011bhem p\u016fsoben\u00ed v\u00a0nakladatelstv\u00edch se intenz\u00edvn\u011b v\u011bnovala problematice \u010dten\u00e1\u0159sk\u00e9 gramotnosti, stala se m\u00edstop\u0159edsedkyn\u00ed \u010cesk\u00e9 sekce IBBY a n\u011bkolik let pracovala v organiza\u010dn\u00edm v\u00fdboru V\u00fdro\u010dn\u00ed ceny Zlat\u00e1 stuha. V roce 2018 vydala svou prvn\u00ed d\u011btskou knihu <em>\u010cernob\u00edl\u00e9 pr\u00e1zdniny<\/em> (nakladatelstv\u00ed Port\u00e1l), za kterou byla na Zlatou stuhu sama nominov\u00e1na. V\u00a0roce 2021 byla na tuto cenu nominov\u00e1na za p\u0159eklad knihy Roalda Dahla <em>Vilda a pidip\u00edskov\u00e9<\/em> (nakladatelstv\u00ed Pikola) a v\u00a0roce 2022 z\u00edskala nominaci jako editorka kni\u017en\u00edho projektu <em>Nezkreslen\u00e1 v\u011bda<\/em> (nakladatelstv\u00ed Academia). Napsala a vydala pak je\u0161t\u011b dal\u0161\u00ed d\u011btsk\u00e9 knihy, <em>Princezna Anetka a modr\u00fd jednoro\u017eec<\/em>, <em>Strach m\u00e1 velk\u00e9 u\u0161i<\/em>, <em>Pra\u0161t\u011bn\u00e9 p\u0159\u00edhody Berty a T\u00fdny<\/em> (nakladatelstv\u00ed Pikola). Vlastn\u00edm n\u00e1kladem a p\u00e9\u010d\u00ed chr\u00e1n\u011bn\u00e9 d\u00edlny Lemnisk\u00e1ta si v\u00a0roce 2021 vydala \u00fatlou sb\u00edrku b\u00e1sn\u00ed <em>Ve mn\u011b pn\u011b<\/em>.<\/p><p style=\"font-weight: 400;\">V\u00a0sou\u010dasn\u00e9 dob\u011b je Lucie na voln\u00e9 noze a krom\u011b p\u0159ekl\u00e1d\u00e1n\u00ed, psan\u00ed a pr\u00e1ce s texty ji bav\u00ed tr\u00e1vit \u010das v p\u0159\u00edrod\u011b, pozn\u00e1vat l\u00e9\u010divou s\u00edlu bylin, chodit za kulturou a cestovat.<\/p>                    <\/div>\n\t\t        \n                    <div id=\"ukzka-tab\" class=\"clearfix eael-tab-content-item \" data-title-link=\"ukzka-tab\">\n\t\t\t\t        <p><strong>D\u011bd promlouv\u00e1 k Merlinovi<\/strong><\/p><p style=\"font-weight: 400;\"><em>\u0160t\u011bp\u00e1n m\u011b postr\u010dil a\u017e k lev\u00e9mu t\u0159menu sedla, kr\u00e1l se sklonil, jednou rukou m\u011b uchopil kolem pasu a na chvilku si m\u011b podr\u017eel p\u0159ed sebou ve vzduchu. Tv\u00e1\u0159, \u010dern\u00e9 vlasy i \u0161edivy\u0301 vous m\u011bl pot\u0159\u00edsn\u011bn\u00e9 prachem, potem a krv\u00ed. Byl hroziv\u011b kr\u00e1sny\u0301. Zamy\u0161len\u011b si m\u011b prohl\u00e9dl, pak m\u011b posadil p\u0159ed sebe do sedla, obr\u00e1til kon\u011b a vyrazil zp\u011bt na bitevn\u00ed pole.<\/em><\/p><p style=\"font-weight: 400;\"><em>Proj\u00ed\u017ed\u011bli jsme mezi mrtvolami a j\u00e1 jsem poznal, co zd\u00e1lky dod\u00e1valo pl\u00e1ni podivnou b\u011blost ob\u010das p\u0159eru\u0161ovanou st\u00edny \u2013 byla to \u00fapln\u011b nah\u00e1 t\u011bla, tu a tam zbr\u00e1zd\u011bn\u00e1 zaschly\u0301mi pram\u00e9nky \u010dern\u00e9 krve.<\/em><\/p><p style=\"font-weight: 400;\"><em>\u201eBili se dob\u0159e,\u201c pokra\u010doval kr\u00e1l. \u201eByla to jejich posledn\u00ed bitva. Rozdrtil jsem celou arm\u00e1du, jako p\u0159edt\u00edm na severu Ordoviky, jejich\u017e posledn\u00ed bojovn\u00edk padl u Devy. Pamatuj si jedno: nikdy neber zajatce. Silurov\u00e9 u\u017e nemaj\u00ed jedin\u00e9ho ozbrojen\u00e9ho mu\u017ee. \u017deny rozd\u011bl\u00edm mezi sv\u00e9 Demety. Lid to stmel\u00ed.\u201c<\/em><\/p><p style=\"font-weight: 400;\"><em>Nic jin\u00e9ho, ne\u017e v\u00e1lka neexistuje, Merline.\u201c<\/em><\/p><p style=\"font-weight: 400;\"><em>Na chv\u00edli se odml\u010del. Na hlav\u011b jsem c\u00edtil jeho mocny\u0301 a klidny\u0301 dech. Pak je\u0161t\u011b \u0159ekl:<\/em><\/p><p style=\"font-weight: 400;\"><em>\u201eS\u00e1m bojuj. Nau\u010d se \u0161ermovat. Sta\u0148 se nejlep\u0161\u00edm bojovn\u00edkem sv\u00e9ho vojska a bij se v jeho \u010dele. Bu\u010f s\u00e1m sob\u011b vojensky\u0301m velitelem. Je hor\u0161\u00ed m\u00edt voj\u00e1ky, kte\u0159\u00ed si t\u011b nev\u00e1\u017e\u00ed ne\u017e sebeodhodlan\u011bj\u0161\u00edho nep\u0159\u00edtele. Constant z Logrie postavil do \u010dela svy\u0301ch vojsk Vortigerna. Vortigern ho zradil a vojska \u0161la s n\u00edm. Nep\u0159ipadalo jim, \u017ee by m\u011bnili velitele. P\u0159esto se v nejt\u011b\u017e\u0161\u00edch boj\u00edch obklopuj t\u011bmi nejodv\u00e1\u017en\u011bj\u0161\u00edmi bojovn\u00edky a nejmocn\u011bj\u0161\u00edmi spojenci. L\u00e9pe ubr\u00e1n\u00ed tv\u016fj \u017eivot, kdy\u017e budou muset br\u00e1nit sv\u016fj. A jestli padnou\u2026\u201c<\/em><\/p><p style=\"font-weight: 400;\"><em>Zasm\u00e1l se.<\/em><\/p><p style=\"font-weight: 400;\"><em>\u201eMrtv\u00ed nikdy nezrad\u00ed.\u201c<\/em><\/p><p>\u00a0<\/p><p style=\"font-weight: 400;\"><strong>Morgana<\/strong><\/p><p><a name=\"_Toc61606869\"><\/a><em>\u201cMorgana je chaos,\u201d \u0159ekl Artu\u0161. \u201cChaos, v n\u011bm\u017e se onen \u00fazkostliv\u00fd a zu\u0159iv\u00fd stavitel, kter\u00fd zd\u011bdil nal\u00e9havou pot\u0159ebu c\u00edle, s rozko\u0161\u00ed ztr\u00e1c\u00ed. Morgana je posedlost smysly, kter\u00e1 zab\u00edj\u00ed v my\u0161lence posedlost z\u00e1m\u011brem. Ona je absolutn\u00ed p\u0159\u00edtomnost, nahlod\u00e1vaj\u00edc\u00ed k\u0159ehkou budoucnost. Jej\u00ed duch, to je hotov\u00e1 spou\u0161\u0165, a j\u00e1 nen\u00e1vid\u00edm jej\u00edho ducha, ale miluju ka\u017edou \u010d\u00e1ste\u010dku jej\u00edho t\u011bla, sebemen\u0161\u00ed z\u00e1chv\u011bv pohybu, kter\u00fd je nekone\u010dn\u00fdm tancem p\u016fvabu a smrti. Z\u00e1rove\u0148 si v\u0161ak uv\u011bdomuji, \u017ee to t\u011blo je jen hadv\u00e1bn\u00fdm a nesl\u00fdchan\u00fdm zhmotn\u011bn\u00edm jej\u00edho ducha, \u017ee jsou dvojjedin\u00e9, a \u017ee sv\u016fdnost vn\u011bj\u0161\u00ed slupky, j\u00ed\u017e se nic na sv\u011bt\u011b nevyrovn\u00e1, je harmonick\u00fdm obrazem tis\u00edckr\u00e1t siln\u011bj\u0161\u00ed sv\u016fdnosti, pramen\u00edc\u00ed z promy\u0161len\u00e9 ok\u00e1zalosti zjemn\u011bl\u00e9ho a zvrhl\u00e9ho rozumu. A zat\u00edmco se syt\u00edm a op\u00e1j\u00edm zdrojem sv\u00e9 radosti i utrpen\u00ed, zat\u00edmco pronik\u00e1m do tepl\u00e9 hebkosti jej\u00edho t\u011bla, c\u00edt\u00edm, \u017ee Morgana stejn\u00fdm zp\u016fsobem pronik\u00e1 do m\u00e9 du\u0161e. Tak\u017ee m\u00e1 nen\u00e1vist vlastn\u011b nen\u00ed nic jin\u00e9ho ne\u017e vyd\u011b\u0161en\u00e1 l\u00e1ska. A j\u00e1, Artu\u0161 z Logrie, ryt\u00ed\u0159 Kulat\u00e9ho stolu, p\u0159edst\u00edr\u00e1m, \u017ee chaosu, v n\u011bm\u017e jsem z pohodlnosti vid\u011bl jen nen\u00e1vist a o\u0161klivost, d\u00e1v\u00e1m v\u00e1le\u010dnou lekci, a zat\u00edm mi chaos d\u00e1v\u00e1 lekci l\u00e1sky, co\u017e je jin\u00e1 forma v\u00e1lky, v n\u00ed\u017e se ocit\u00e1m nah\u00fd a odzbrojen. Slova v\u00e1\u0161n\u011b se st\u00e1vaj\u00ed dvojsmysln\u00fdmi, mystika se uskute\u010d\u0148uje a\u017e do krajnosti, propast rozko\u0161e zeje nad propast\u00ed nicoty. Morgana je milovan\u00e1 \u0159eka, jej\u00ed\u017e proud mne, top\u00edc\u00edho se a \u0161\u0165astn\u00e9ho plavce, un\u00e1\u0161\u00ed a\u017e na voln\u00e9 mo\u0159e, do nikam. Miluji Morganu jako \u017eenu i jako Boha. Kdo by mohl rozb\u00edt m\u00e1 pouta, ukut\u00e1 z nerozlu\u010dn\u00e9ho spojen\u00ed z\u00e1\u0159iv\u00e9ho t\u011bla a jemn\u00e9 du\u0161e?\u201d \u201cMorgana, pokud ji dob\u0159e zn\u00e1m.\u201d<\/em><\/p>                    <\/div>\n\t\t                    <\/div>\n        <\/div>\n\t\t\t\t<\/div>\n\t\t\t\t<\/div>\n\t\t\t\t\t<\/div>\n\t\t<\/div>\n\t\t\t\t\t<\/div>\n\t\t<\/section>\n\t\t\t\t<\/div>\n\t\t\n","protected":false},"excerpt":{"rendered":"<p>Prvn\u00ed \u010d\u00e1st artu\u0161ovsk\u00e9 trilogie od francouzsk\u00e9ho romanopisce Michela Ria.<\/p>\n","protected":false},"featured_media":1499,"comment_status":"closed","ping_status":"closed","template":"","meta":[],"product_brand":[],"product_cat":[37],"product_tag":[],"class_list":{"0":"post-1946","1":"product","2":"type-product","3":"status-publish","4":"has-post-thumbnail","6":"product_cat-knihy","8":"first","9":"instock","10":"shipping-taxable","11":"purchasable","12":"product-type-simple"},"post_mailing_queue_ids":[],"_links":{"self":[{"href":"https:\/\/www.kvetyzivota.art\/index.php\/wp-json\/wp\/v2\/product\/1946","targetHints":{"allow":["GET"]}}],"collection":[{"href":"https:\/\/www.kvetyzivota.art\/index.php\/wp-json\/wp\/v2\/product"}],"about":[{"href":"https:\/\/www.kvetyzivota.art\/index.php\/wp-json\/wp\/v2\/types\/product"}],"replies":[{"embeddable":true,"href":"https:\/\/www.kvetyzivota.art\/index.php\/wp-json\/wp\/v2\/comments?post=1946"}],"wp:featuredmedia":[{"embeddable":true,"href":"https:\/\/www.kvetyzivota.art\/index.php\/wp-json\/wp\/v2\/media\/1499"}],"wp:attachment":[{"href":"https:\/\/www.kvetyzivota.art\/index.php\/wp-json\/wp\/v2\/media?parent=1946"}],"wp:term":[{"taxonomy":"product_brand","embeddable":true,"href":"https:\/\/www.kvetyzivota.art\/index.php\/wp-json\/wp\/v2\/product_brand?post=1946"},{"taxonomy":"product_cat","embeddable":true,"href":"https:\/\/www.kvetyzivota.art\/index.php\/wp-json\/wp\/v2\/product_cat?post=1946"},{"taxonomy":"product_tag","embeddable":true,"href":"https:\/\/www.kvetyzivota.art\/index.php\/wp-json\/wp\/v2\/product_tag?post=1946"}],"curies":[{"name":"wp","href":"https:\/\/api.w.org\/{rel}","templated":true}]}}